{"id":534,"date":"2021-02-10T18:55:26","date_gmt":"2021-02-10T18:55:26","guid":{"rendered":"http:\/\/odricerin.es\/?page_id=534"},"modified":"2021-02-12T02:03:33","modified_gmt":"2021-02-12T02:03:33","slug":"accion-cultural","status":"publish","type":"page","link":"https:\/\/odricerin.es\/?page_id=534","title":{"rendered":"<p><font face=\"Arial\" size=\"5\" color=\"#FFFFFF\">Acci\u00f3n Cultural<\/font><\/p>"},"content":{"rendered":"<p>[vc_row][vc_column width=\u00bb1\/2&#8243;][\/vc_column][vc_column width=\u00bb1\/2&#8243;][vc_column_text css=\u00bb.vc_custom_1613070938008{margin-top: 0px !important;margin-bottom: 0px !important;background-color: #0066b1 !important;}\u00bb]<a href=\"http:\/\/odricerin.es\/?page_id=46\"><img loading=\"lazy\" decoding=\"async\" src=\"http:\/\/odricerin.es\/wp-content\/uploads\/2021\/02\/rere-1.png\" width=\"251\" height=\"30\" align=\"right\" border=\"0\" \/><\/a>[\/vc_column_text][\/vc_column][\/vc_row][vc_row][vc_column width=\u00bb1\/2&#8243;][vc_single_image image=\u00bb536&#8243; img_size=\u00bbfull\u00bb style=\u00bbvc_box_border\u00bb][vc_row_inner][vc_column_inner width=\u00bb1\/2&#8243;][vc_single_image image=\u00bb547&#8243; img_size=\u00bbfull\u00bb style=\u00bbvc_box_border\u00bb][vc_single_image image=\u00bb558&#8243; img_size=\u00bbfull\u00bb style=\u00bbvc_box_border\u00bb][\/vc_column_inner][vc_column_inner width=\u00bb1\/2&#8243;][vc_single_image image=\u00bb555&#8243; img_size=\u00bbfull\u00bb style=\u00bbvc_box_border\u00bb][vc_single_image image=\u00bb559&#8243; img_size=\u00bbfull\u00bb style=\u00bbvc_box_border\u00bb][\/vc_column_inner][\/vc_row_inner][\/vc_column][vc_column width=\u00bb1\/2&#8243;][vc_column_text]<\/p>\n<p style=\"text-align: center;\"><span style=\"color: #ffffff;\">&#8211;<\/span><\/p>\n<h2 class=\"elementor-heading-title elementor-size-default\" style=\"box-sizing: border-box; margin: 0px; padding: 0px; outline: 0px; font-weight: 400; font-family: 'Open Sans', Helvetica, Arial, sans-serif; color: #3c424f; text-rendering: optimizelegibility; font-size: 2.5rem; line-height: 3rem; overflow-wrap: break-word; font-style: normal; font-variant-ligatures: normal; font-variant-caps: normal; letter-spacing: normal; orphans: 2; text-indent: 0px; text-transform: none; white-space: normal; widows: 2; word-spacing: 0px; -webkit-text-stroke-width: 0px; background-color: #ffffff; text-decoration-thickness: initial; text-decoration-style: initial; text-decoration-color: initial; text-align: center;\"><span style=\"font-family: Arial; color: #336699;\">Acci\u00f3n Cultural<\/span><\/h2>\n<p style=\"text-align: center;\"><strong><span class=\"art-postheadericon\">Escolan\u00eda del Real Monasterio de San Lorenzo del Escorial<\/span><\/strong><\/p>\n<p>[\/vc_column_text][vc_column_text]<\/p>\n<p style=\"text-align: justify;\">En el a\u00f1o 1567, apenas 4 a\u00f1os despu\u00e9s de comenzada la construcci\u00f3n del Monasterio de San Lorenzo del Escorial, ya fund\u00f3 e instituy\u00f3 Felipe II un Colegio y Seminario para ni\u00f1os en el monasterio de P\u00e1rraces (Segovia) para trasladarlo al Escorial en cuanto se concluyesen las obras.<\/p>\n<p style=\"text-align: justify;\">Estos ni\u00f1os del seminario eran instruidos en gram\u00e1tica y latinidad as\u00ed como en m\u00fasica (canto llano principalmente) y estaban encargados de cantar todos los d\u00edas la Misa del Alba, que se oficiaba por la salud del monarca reinante, en la Bas\u00edlica; as\u00ed como la Salve tras el rezo de v\u00edsperas de la comunidad de monjes del Monasterio. Tambi\u00e9n ten\u00edan la obligaci\u00f3n de ayudar como ac\u00f3litos en las misas que se oficiaban en la Bas\u00edlica. Y en se\u00f1aladas fiestas interven\u00edan en los villancicos y danzas que ten\u00edan lugar: Navidad, San Lorenzo, San Jer\u00f3nimo, Corpus\u2026 as\u00ed como en los recibimientos a los Reyes.<\/p>\n<p style=\"text-align: justify;\">En 1974, los Padres Agustinos, que desde 1885 son los moradores y custodios de este Real Monasterio, reemprendieron el proyecto de la Escolan\u00eda con la misma finalidad de siempre: el embellecimiento de la liturgia escurialense. Para ello habilitaron en el recinto del Convento el espacio necesario para este fin, y desde entonces hasta ahora, durante m\u00e1s de 30 a\u00f1os han becado a m\u00e1s de 300 ni\u00f1os, que han podido gozar de esta oportunidad tan especial y pr\u00e1cticamente \u00fanica en Espa\u00f1a.<\/p>\n<p style=\"text-align: justify;\">En la actualidad la Escolan\u00eda est\u00e1 formada por un grupo de cuarenta y tres ni\u00f1os y j\u00f3venes cantores, cuyas edades oscilan entre los nueve y los dieciocho a\u00f1os, en r\u00e9gimen de internado o externado. Estos Ni\u00f1os Cantores participan en los oficios religiosos m\u00e1s importantes que se celebran en la Bas\u00edlica del Escorial a lo largo del a\u00f1o (Navidad, Semana Santa, misas de las fiestas principales), en oficios locales (Fiesta de la Sagrada Forma del Escorial, San Lorenzo y San Agust\u00edn), y en aquellos relacionados con la Casa Real Espa\u00f1ola.<\/p>\n<p style=\"text-align: justify;\">Cada fin de semana se la puede escuchar en la Misa vespertina de los s\u00e1bados, a las 19 h, y en la de las 13 h. los domingos.<\/p>\n<p style=\"text-align: justify;\">La Escolan\u00eda ofrece tambi\u00e9n varios conciertos cada a\u00f1o en Espa\u00f1a o en otras naciones. Algunos de ellos ya son tradicionales como el de Navidad en la Bas\u00edlica del Escorial cada 23 de diciembre, y los de Semana Santa.<\/p>\n<p style=\"text-align: justify;\">Ha cantado junto a las mejores formaciones musicales de Espa\u00f1a y en numerosas ocasiones han actuado para SS.MM los Reyes, S.S. el Papa y otras personalidades tanto espa\u00f1olas como extranjeras, destacando su participaci\u00f3n en los funerales de Estado que se ofician en el Real Monasterio.<\/p>\n<p style=\"text-align: justify;\">La solidez en la formaci\u00f3n y la calidad de sus interpretaciones, fruto de un gran trabajo, est\u00e1 reflejado en los discos que tiene grabados con temas propios de su repertorio y en colaboraciones importantes en discos de otros artistas.<\/p>\n<p style=\"text-align: justify;\">Actualmente la Escolan\u00eda ha completado su discograf\u00eda con un repertorio muy variado, desde las obras de zarzuela de Chueca, hasta el oficio de Navidad de Victoria, recogiendo y ampliando la herencia de algunos de sus grandes \u00e9xitos como \u201cEl Bosco\u201d o \u201cPanis Ang\u00e9licus\u201d.<\/p>\n<p>[\/vc_column_text][\/vc_column][\/vc_row]<\/p>\n","protected":false},"excerpt":{"rendered":"<p>[vc_row][vc_column width=\u00bb1\/2&#8243;][\/vc_column][vc_column width=\u00bb1\/2&#8243;][vc_column_text css=\u00bb.vc_custom_1613070938008{margin-top: 0px !important;margin-bottom: 0px !important;background-color: #0066b1 !important;}\u00bb][\/vc_column_text][\/vc_column][\/vc_row][vc_row][vc_column width=\u00bb1\/2&#8243;][vc_single_image image=\u00bb536&#8243; img_size=\u00bbfull\u00bb style=\u00bbvc_box_border\u00bb][vc_row_inner][vc_column_inner width=\u00bb1\/2&#8243;][vc_single_image image=\u00bb547&#8243; img_size=\u00bbfull\u00bb style=\u00bbvc_box_border\u00bb][vc_single_image image=\u00bb558&#8243; img_size=\u00bbfull\u00bb style=\u00bbvc_box_border\u00bb][\/vc_column_inner][vc_column_inner width=\u00bb1\/2&#8243;][vc_single_image image=\u00bb555&#8243; img_size=\u00bbfull\u00bb style=\u00bbvc_box_border\u00bb][vc_single_image image=\u00bb559&#8243; img_size=\u00bbfull\u00bb style=\u00bbvc_box_border\u00bb][\/vc_column_inner][\/vc_row_inner][\/vc_column][vc_column width=\u00bb1\/2&#8243;][vc_column_text] &#8211; Acci\u00f3n Cultural Escolan\u00eda del Real Monasterio de San Lorenzo del Escorial [\/vc_column_text][vc_column_text] En el a\u00f1o 1567, apenas 4 a\u00f1os despu\u00e9s de comenzada la construcci\u00f3n del&hellip; <br \/> <a class=\"read-more\" href=\"https:\/\/odricerin.es\/?page_id=534\">Leer m\u00e1s<\/a><\/p>\n","protected":false},"author":1,"featured_media":0,"parent":0,"menu_order":0,"comment_status":"closed","ping_status":"closed","template":"","meta":{"footnotes":""},"class_list":["post-534","page","type-page","status-publish","hentry"],"_links":{"self":[{"href":"https:\/\/odricerin.es\/index.php?rest_route=\/wp\/v2\/pages\/534","targetHints":{"allow":["GET"]}}],"collection":[{"href":"https:\/\/odricerin.es\/index.php?rest_route=\/wp\/v2\/pages"}],"about":[{"href":"https:\/\/odricerin.es\/index.php?rest_route=\/wp\/v2\/types\/page"}],"author":[{"embeddable":true,"href":"https:\/\/odricerin.es\/index.php?rest_route=\/wp\/v2\/users\/1"}],"replies":[{"embeddable":true,"href":"https:\/\/odricerin.es\/index.php?rest_route=%2Fwp%2Fv2%2Fcomments&post=534"}],"version-history":[{"count":5,"href":"https:\/\/odricerin.es\/index.php?rest_route=\/wp\/v2\/pages\/534\/revisions"}],"predecessor-version":[{"id":940,"href":"https:\/\/odricerin.es\/index.php?rest_route=\/wp\/v2\/pages\/534\/revisions\/940"}],"wp:attachment":[{"href":"https:\/\/odricerin.es\/index.php?rest_route=%2Fwp%2Fv2%2Fmedia&parent=534"}],"curies":[{"name":"wp","href":"https:\/\/api.w.org\/{rel}","templated":true}]}}